{"id":10,"date":"2025-07-08T17:06:35","date_gmt":"2025-07-08T17:06:35","guid":{"rendered":"https:\/\/losvaguens.com\/index.php\/about\/"},"modified":"2025-09-16T21:33:46","modified_gmt":"2025-09-16T21:33:46","slug":"about","status":"publish","type":"page","link":"https:\/\/losvaguens.com\/index.php\/about\/","title":{"rendered":"Biograf\u00eda"},"content":{"rendered":"\n<div class=\"wp-block-group alignfull hostinger-ai-resume-1 hostinger-ai-fade-up has-global-padding is-layout-constrained wp-block-group-is-layout-constrained\" data-aos=\"fade-up\">\n<div class=\"wp-block-group alignwide hostinger-ai-fade-up is-layout-grid wp-container-core-group-is-layout-b2a6df44 wp-block-group-is-layout-grid\" data-aos=\"fade-up\" style=\"padding-top:var(--wp--preset--spacing--60);padding-bottom:var(--wp--preset--spacing--60)\">\n<div class=\"wp-block-group hostinger-ai-fade-up has-global-padding is-layout-constrained wp-block-group-is-layout-constrained\" data-aos=\"fade-up\">\n<figure class=\"wp-block-image size-full has-custom-border hostinger-ai-image\"><img loading=\"lazy\" decoding=\"async\" width=\"1680\" height=\"2560\" src=\"https:\/\/losvaguens.com\/wp-content\/uploads\/2025\/07\/IMG_8874-2-2-scaled.jpg\" alt=\"\" class=\"wp-image-37\" style=\"border-radius:20px\" srcset=\"https:\/\/losvaguens.com\/wp-content\/uploads\/2025\/07\/IMG_8874-2-2-scaled.jpg 1680w, https:\/\/losvaguens.com\/wp-content\/uploads\/2025\/07\/IMG_8874-2-2-197x300.jpg 197w, https:\/\/losvaguens.com\/wp-content\/uploads\/2025\/07\/IMG_8874-2-2-672x1024.jpg 672w, https:\/\/losvaguens.com\/wp-content\/uploads\/2025\/07\/IMG_8874-2-2-768x1170.jpg 768w, https:\/\/losvaguens.com\/wp-content\/uploads\/2025\/07\/IMG_8874-2-2-1008x1536.jpg 1008w, https:\/\/losvaguens.com\/wp-content\/uploads\/2025\/07\/IMG_8874-2-2-1344x2048.jpg 1344w\" sizes=\"auto, (max-width: 1680px) 100vw, 1680px\" \/><\/figure>\n<\/div>\n\n\n\n<div class=\"wp-block-group hostinger-ai-fade-up wp-container-content-5e2576f9 is-vertical is-content-justification-left is-nowrap is-layout-flex wp-container-core-group-is-layout-cb02dbd6 wp-block-group-is-layout-flex\" data-aos=\"fade-up\" style=\"padding-right:var(--wp--preset--spacing--60);padding-left:var(--wp--preset--spacing--60)\">\n<h2 class=\"wp-block-heading hostinger-ai-title has-dark-color has-text-color has-link-color has-poppins-font-family has-x-large-font-size wp-elements-2dc443993311f796ffcc661fad9e5446\" style=\"margin-bottom:var(--wp--preset--spacing--20)\">Los Vaguens<\/h2>\n\n\n\n<p class=\"hostinger-ai-description has-dark-color has-text-color has-link-color has-medium-font-size wp-elements-89de6206797d019a4484120a69ec463f\" style=\"margin-top:0;margin-bottom:var(--wp--preset--spacing--70)\"><strong>Los Vaguens<\/strong> es una banda mexicana originaria de <strong>Acapulco, Guerrero<\/strong>, que con su m\u00fasica llevan el mar a tus o\u00eddos. Desde sus inicios destac\u00f3 al ganar una competencia nacional entre m\u00e1s de 1,600 bandas en \u201cGuerra de Bandas\u201d, lo que les permiti\u00f3 grabar su primer EP &#8220;<em>Santa Luc\u00eda<\/em>&#8221; y presentarse en el m\u00edtico <strong>Plaza Condesa<\/strong>.<br><br>En <strong>2017<\/strong>, lanzaron &#8220;<em>Bestiario de Santa Luc\u00eda<\/em>&#8220;, con el que recorrieron diversos municipios de Guerrero y foros de la Ciudad de M\u00e9xico. <br><br>En <strong>2020<\/strong>, lanzaron su primer \u00e1lbum de estudio titulado &#8220;<strong><em>Hotel Acapulco<\/em><\/strong>&#8221; el cual los posicion\u00f3 dentro del radar independiente de M\u00e9xico.<br><br>Durante 2021, adem\u00e1s de lanzar sencillos en plataformas digitales se en enfocaron en realizar presentaciones en diferentes foros de la CDMX. <br><br>En <strong>2022<\/strong>, canciones como <em>Monserrat<\/em>, <em>Los Amantes<\/em> y <em>Acapulco<\/em> fueron sincronizadas en producciones de <strong>Netflix<\/strong>, <strong>HBO<\/strong>, <strong>Apple TV<\/strong> y <strong>Prime Video<\/strong>, ampliando su alcance internacional.<br><br>Durante <strong>2023 y 2024<\/strong>, liberaron varios sencillos, participaron en festivales como <strong>Caminante Fest<\/strong> y <strong>Beer Fest<\/strong>, tambi\u00e9n realizaron presentaciones en distintas ciudades del pa\u00eds, incluyendo el lanzamiento de <em>&#8220;Live from Aca Rey<\/em>&#8220;, un concierto grabado a bordo de un emblem\u00e1tico yate en la bah\u00eda de Santa Luc\u00eda, Acapulco.<br><br>En <strong>2025<\/strong>, emprendieron una gira nacional por m\u00e1s de <strong>12 ciudades<\/strong> y presentaron su nuevo \u00e1lbum <em>&#8220;Club de Oro<\/em>&#8220;, con el que lograron su <strong>segundo sold out consecutivo en el Foro Indie Rocks<\/strong>.<\/p>\n<\/div>\n<\/div>\n<\/div>\n\n\n\n<p class=\"has-text-align-center has-color-2-color has-text-color has-link-color has-poppins-font-family has-x-large-font-size wp-elements-43388f50407d1b80bf5fc09a1838138b\"><strong>INTEGRANTES<\/strong><\/p>\n\n\n\n<div class=\"wp-block-columns is-layout-flex wp-container-core-columns-is-layout-28f84493 wp-block-columns-is-layout-flex\">\n<div class=\"wp-block-column is-layout-flow wp-block-column-is-layout-flow\">\n<figure class=\"wp-block-image size-large has-custom-border is-style-rounded\"><img loading=\"lazy\" decoding=\"async\" width=\"683\" height=\"1024\" src=\"https:\/\/losvaguens.com\/wp-content\/uploads\/2025\/07\/IMG_9351-683x1024.jpg\" alt=\"\" class=\"wp-image-88\" style=\"border-radius:30px\" srcset=\"https:\/\/losvaguens.com\/wp-content\/uploads\/2025\/07\/IMG_9351-683x1024.jpg 683w, https:\/\/losvaguens.com\/wp-content\/uploads\/2025\/07\/IMG_9351-200x300.jpg 200w, https:\/\/losvaguens.com\/wp-content\/uploads\/2025\/07\/IMG_9351-768x1152.jpg 768w, https:\/\/losvaguens.com\/wp-content\/uploads\/2025\/07\/IMG_9351-1024x1536.jpg 1024w, https:\/\/losvaguens.com\/wp-content\/uploads\/2025\/07\/IMG_9351-1365x2048.jpg 1365w, https:\/\/losvaguens.com\/wp-content\/uploads\/2025\/07\/IMG_9351-scaled.jpg 1707w\" sizes=\"auto, (max-width: 683px) 100vw, 683px\" \/><figcaption class=\"wp-element-caption\"><strong>Axel Mastache<\/strong><\/figcaption><\/figure>\n\n\n\n<p>Compositor, vocalista, bajista y pianista, de Los Vaguens. Dentro de sus composiciones se encuentran canciones y \u00e9xitos como <strong><em>Labios Carm\u00edn<\/em>, <em>Enemiga<\/em>, <em>Penurias<\/em>, <em>Ya No Hay Jard\u00edn<\/em>, <em>Teresitas<\/em>, <em>Extra\u00f1os<\/em>,<\/strong> entre otras. <\/p>\n<\/div>\n\n\n\n<div class=\"wp-block-column is-layout-flow wp-block-column-is-layout-flow\">\n<figure class=\"wp-block-image size-large has-custom-border is-style-rounded\"><img loading=\"lazy\" decoding=\"async\" width=\"683\" height=\"1024\" src=\"https:\/\/losvaguens.com\/wp-content\/uploads\/2025\/07\/IMG_9524-683x1024.jpg\" alt=\"\" class=\"wp-image-89\" style=\"border-radius:30px\" srcset=\"https:\/\/losvaguens.com\/wp-content\/uploads\/2025\/07\/IMG_9524-683x1024.jpg 683w, https:\/\/losvaguens.com\/wp-content\/uploads\/2025\/07\/IMG_9524-200x300.jpg 200w, https:\/\/losvaguens.com\/wp-content\/uploads\/2025\/07\/IMG_9524-768x1152.jpg 768w, https:\/\/losvaguens.com\/wp-content\/uploads\/2025\/07\/IMG_9524-1024x1536.jpg 1024w, https:\/\/losvaguens.com\/wp-content\/uploads\/2025\/07\/IMG_9524-1365x2048.jpg 1365w, https:\/\/losvaguens.com\/wp-content\/uploads\/2025\/07\/IMG_9524-scaled.jpg 1707w\" sizes=\"auto, (max-width: 683px) 100vw, 683px\" \/><figcaption class=\"wp-element-caption\"><strong>Romario Bennetts<\/strong><\/figcaption><\/figure>\n\n\n\n<p>Compositor, productor y guitarrista l\u00edder de Los Vaguens. Dentro de sus composiciones se encuentran canciones y \u00e9xitos como <strong><em>Los Amantes<\/em>, <em>Las Rosas, Lo Que Soy, J\u00fapiter, Ausencia,<\/em><\/strong><em> <\/em>entre otras. <\/p>\n<\/div>\n<\/div>\n\n\n\n<div class=\"wp-block-columns is-layout-flex wp-container-core-columns-is-layout-28f84493 wp-block-columns-is-layout-flex\">\n<div class=\"wp-block-column is-layout-flow wp-block-column-is-layout-flow\">\n<figure class=\"wp-block-image size-large has-custom-border\"><img loading=\"lazy\" decoding=\"async\" width=\"683\" height=\"1024\" src=\"https:\/\/losvaguens.com\/wp-content\/uploads\/2025\/07\/IMG_9444-683x1024.jpg\" alt=\"\" class=\"wp-image-90\" style=\"border-radius:30px\" srcset=\"https:\/\/losvaguens.com\/wp-content\/uploads\/2025\/07\/IMG_9444-683x1024.jpg 683w, https:\/\/losvaguens.com\/wp-content\/uploads\/2025\/07\/IMG_9444-200x300.jpg 200w, https:\/\/losvaguens.com\/wp-content\/uploads\/2025\/07\/IMG_9444-768x1152.jpg 768w, https:\/\/losvaguens.com\/wp-content\/uploads\/2025\/07\/IMG_9444-1024x1536.jpg 1024w, https:\/\/losvaguens.com\/wp-content\/uploads\/2025\/07\/IMG_9444-1365x2048.jpg 1365w, https:\/\/losvaguens.com\/wp-content\/uploads\/2025\/07\/IMG_9444-scaled.jpg 1707w\" sizes=\"auto, (max-width: 683px) 100vw, 683px\" \/><figcaption class=\"wp-element-caption\"><strong>Esteban Silvar<\/strong><\/figcaption><\/figure>\n\n\n\n<p>Compositor y baterista de Los Vaguens. Dentro de sus composiciones se encuentra la canci\u00f3n <em>Lagunas Mentales<\/em> del disco Club de Oro.<\/p>\n<\/div>\n\n\n\n<div class=\"wp-block-column is-layout-flow wp-block-column-is-layout-flow\">\n<figure class=\"wp-block-image size-large has-custom-border\"><img loading=\"lazy\" decoding=\"async\" width=\"683\" height=\"1024\" src=\"https:\/\/losvaguens.com\/wp-content\/uploads\/2025\/07\/IMG_9453-683x1024.jpg\" alt=\"\" class=\"wp-image-92\" style=\"border-radius:30px\" srcset=\"https:\/\/losvaguens.com\/wp-content\/uploads\/2025\/07\/IMG_9453-683x1024.jpg 683w, https:\/\/losvaguens.com\/wp-content\/uploads\/2025\/07\/IMG_9453-200x300.jpg 200w, https:\/\/losvaguens.com\/wp-content\/uploads\/2025\/07\/IMG_9453-768x1152.jpg 768w, https:\/\/losvaguens.com\/wp-content\/uploads\/2025\/07\/IMG_9453-1024x1536.jpg 1024w, https:\/\/losvaguens.com\/wp-content\/uploads\/2025\/07\/IMG_9453-1365x2048.jpg 1365w, https:\/\/losvaguens.com\/wp-content\/uploads\/2025\/07\/IMG_9453-scaled.jpg 1707w\" sizes=\"auto, (max-width: 683px) 100vw, 683px\" \/><figcaption class=\"wp-element-caption\"><strong>Oscar Gonzalez<\/strong><\/figcaption><\/figure>\n\n\n\n<p>Guitarrista base, tecladista y bajista de la banda Los Vaguens. <\/p>\n<\/div>\n<\/div>\n\n\n\n<p><\/p>\n","protected":false},"excerpt":{"rendered":"<p>Los Vaguens Los Vaguens es una banda mexicana originaria de Acapulco, Guerrero, que con su m\u00fasica llevan el mar a tus o\u00eddos. Desde sus inicios destac\u00f3 al ganar una competencia nacional entre m\u00e1s de 1,600 bandas en \u201cGuerra de Bandas\u201d, lo que les permiti\u00f3 grabar su primer EP &#8220;Santa Luc\u00eda&#8221; y presentarse en el m\u00edtico [&hellip;]<\/p>\n","protected":false},"author":1,"featured_media":0,"parent":0,"menu_order":0,"comment_status":"closed","ping_status":"closed","template":"","meta":{"footnotes":""},"class_list":["post-10","page","type-page","status-publish","hentry"],"yoast_head":"<!-- This site is optimized with the Yoast SEO plugin v27.4 - https:\/\/yoast.com\/product\/yoast-seo-wordpress\/ -->\n<title>Biograf\u00eda - Los Vaguens<\/title>\n<meta name=\"robots\" content=\"index, follow, max-snippet:-1, max-image-preview:large, max-video-preview:-1\" \/>\n<link rel=\"canonical\" href=\"https:\/\/losvaguens.com\/index.php\/about\/\" \/>\n<meta property=\"og:locale\" content=\"es_MX\" \/>\n<meta property=\"og:type\" content=\"article\" \/>\n<meta property=\"og:title\" content=\"Biograf\u00eda - Los Vaguens\" \/>\n<meta property=\"og:description\" content=\"Los Vaguens Los Vaguens es una banda mexicana originaria de Acapulco, Guerrero, que con su m\u00fasica llevan el mar a tus o\u00eddos. Desde sus inicios destac\u00f3 al ganar una competencia nacional entre m\u00e1s de 1,600 bandas en \u201cGuerra de Bandas\u201d, lo que les permiti\u00f3 grabar su primer EP &#8220;Santa Luc\u00eda&#8221; y presentarse en el m\u00edtico [&hellip;]\" \/>\n<meta property=\"og:url\" content=\"https:\/\/losvaguens.com\/index.php\/about\/\" \/>\n<meta property=\"og:site_name\" content=\"Los Vaguens\" \/>\n<meta property=\"article:modified_time\" content=\"2025-09-16T21:33:46+00:00\" \/>\n<meta property=\"og:image\" content=\"https:\/\/losvaguens.com\/wp-content\/uploads\/2025\/07\/IMG_8874-2-2-scaled.jpg\" \/>\n\t<meta property=\"og:image:width\" content=\"1680\" \/>\n\t<meta property=\"og:image:height\" content=\"2560\" \/>\n\t<meta property=\"og:image:type\" content=\"image\/jpeg\" \/>\n<meta name=\"twitter:card\" content=\"summary_large_image\" \/>\n<meta name=\"twitter:label1\" content=\"Tiempo de lectura\" \/>\n\t<meta name=\"twitter:data1\" content=\"3 minutos\" \/>\n<script type=\"application\/ld+json\" class=\"yoast-schema-graph\">{\"@context\":\"https:\\\/\\\/schema.org\",\"@graph\":[{\"@type\":\"WebPage\",\"@id\":\"https:\\\/\\\/losvaguens.com\\\/index.php\\\/about\\\/\",\"url\":\"https:\\\/\\\/losvaguens.com\\\/index.php\\\/about\\\/\",\"name\":\"Biograf\u00eda - Los Vaguens\",\"isPartOf\":{\"@id\":\"https:\\\/\\\/losvaguens.com\\\/#website\"},\"primaryImageOfPage\":{\"@id\":\"https:\\\/\\\/losvaguens.com\\\/index.php\\\/about\\\/#primaryimage\"},\"image\":{\"@id\":\"https:\\\/\\\/losvaguens.com\\\/index.php\\\/about\\\/#primaryimage\"},\"thumbnailUrl\":\"https:\\\/\\\/losvaguens.com\\\/wp-content\\\/uploads\\\/2025\\\/07\\\/IMG_8874-2-2-scaled.jpg\",\"datePublished\":\"2025-07-08T17:06:35+00:00\",\"dateModified\":\"2025-09-16T21:33:46+00:00\",\"breadcrumb\":{\"@id\":\"https:\\\/\\\/losvaguens.com\\\/index.php\\\/about\\\/#breadcrumb\"},\"inLanguage\":\"es\",\"potentialAction\":[{\"@type\":\"ReadAction\",\"target\":[\"https:\\\/\\\/losvaguens.com\\\/index.php\\\/about\\\/\"]}]},{\"@type\":\"ImageObject\",\"inLanguage\":\"es\",\"@id\":\"https:\\\/\\\/losvaguens.com\\\/index.php\\\/about\\\/#primaryimage\",\"url\":\"https:\\\/\\\/losvaguens.com\\\/wp-content\\\/uploads\\\/2025\\\/07\\\/IMG_8874-2-2-scaled.jpg\",\"contentUrl\":\"https:\\\/\\\/losvaguens.com\\\/wp-content\\\/uploads\\\/2025\\\/07\\\/IMG_8874-2-2-scaled.jpg\",\"width\":1680,\"height\":2560},{\"@type\":\"BreadcrumbList\",\"@id\":\"https:\\\/\\\/losvaguens.com\\\/index.php\\\/about\\\/#breadcrumb\",\"itemListElement\":[{\"@type\":\"ListItem\",\"position\":1,\"name\":\"Inicio\",\"item\":\"https:\\\/\\\/losvaguens.com\\\/\"},{\"@type\":\"ListItem\",\"position\":2,\"name\":\"Biograf\u00eda\"}]},{\"@type\":\"WebSite\",\"@id\":\"https:\\\/\\\/losvaguens.com\\\/#website\",\"url\":\"https:\\\/\\\/losvaguens.com\\\/\",\"name\":\"Los Vaguens\",\"description\":\"Sitio Web Oficial de Los Vaguens\",\"publisher\":{\"@id\":\"https:\\\/\\\/losvaguens.com\\\/#\\\/schema\\\/person\\\/521d37759784a37c2531573a7a5cf08d\"},\"potentialAction\":[{\"@type\":\"SearchAction\",\"target\":{\"@type\":\"EntryPoint\",\"urlTemplate\":\"https:\\\/\\\/losvaguens.com\\\/?s={search_term_string}\"},\"query-input\":{\"@type\":\"PropertyValueSpecification\",\"valueRequired\":true,\"valueName\":\"search_term_string\"}}],\"inLanguage\":\"es\"},{\"@type\":[\"Person\",\"Organization\"],\"@id\":\"https:\\\/\\\/losvaguens.com\\\/#\\\/schema\\\/person\\\/521d37759784a37c2531573a7a5cf08d\",\"name\":\"losvaguens@gmail.com\",\"image\":{\"@type\":\"ImageObject\",\"inLanguage\":\"es\",\"@id\":\"https:\\\/\\\/losvaguens.com\\\/wp-content\\\/uploads\\\/2025\\\/07\\\/logofavicon.png\",\"url\":\"https:\\\/\\\/losvaguens.com\\\/wp-content\\\/uploads\\\/2025\\\/07\\\/logofavicon.png\",\"contentUrl\":\"https:\\\/\\\/losvaguens.com\\\/wp-content\\\/uploads\\\/2025\\\/07\\\/logofavicon.png\",\"width\":1500,\"height\":1500,\"caption\":\"losvaguens@gmail.com\"},\"logo\":{\"@id\":\"https:\\\/\\\/losvaguens.com\\\/wp-content\\\/uploads\\\/2025\\\/07\\\/logofavicon.png\"},\"sameAs\":[\"https:\\\/\\\/losvaguens.com\"]}]}<\/script>\n<!-- \/ Yoast SEO plugin. -->","yoast_head_json":{"title":"Biograf\u00eda - Los Vaguens","robots":{"index":"index","follow":"follow","max-snippet":"max-snippet:-1","max-image-preview":"max-image-preview:large","max-video-preview":"max-video-preview:-1"},"canonical":"https:\/\/losvaguens.com\/index.php\/about\/","og_locale":"es_MX","og_type":"article","og_title":"Biograf\u00eda - Los Vaguens","og_description":"Los Vaguens Los Vaguens es una banda mexicana originaria de Acapulco, Guerrero, que con su m\u00fasica llevan el mar a tus o\u00eddos. Desde sus inicios destac\u00f3 al ganar una competencia nacional entre m\u00e1s de 1,600 bandas en \u201cGuerra de Bandas\u201d, lo que les permiti\u00f3 grabar su primer EP &#8220;Santa Luc\u00eda&#8221; y presentarse en el m\u00edtico [&hellip;]","og_url":"https:\/\/losvaguens.com\/index.php\/about\/","og_site_name":"Los Vaguens","article_modified_time":"2025-09-16T21:33:46+00:00","og_image":[{"width":1680,"height":2560,"url":"https:\/\/losvaguens.com\/wp-content\/uploads\/2025\/07\/IMG_8874-2-2-scaled.jpg","type":"image\/jpeg"}],"twitter_card":"summary_large_image","twitter_misc":{"Tiempo de lectura":"3 minutos"},"schema":{"@context":"https:\/\/schema.org","@graph":[{"@type":"WebPage","@id":"https:\/\/losvaguens.com\/index.php\/about\/","url":"https:\/\/losvaguens.com\/index.php\/about\/","name":"Biograf\u00eda - Los Vaguens","isPartOf":{"@id":"https:\/\/losvaguens.com\/#website"},"primaryImageOfPage":{"@id":"https:\/\/losvaguens.com\/index.php\/about\/#primaryimage"},"image":{"@id":"https:\/\/losvaguens.com\/index.php\/about\/#primaryimage"},"thumbnailUrl":"https:\/\/losvaguens.com\/wp-content\/uploads\/2025\/07\/IMG_8874-2-2-scaled.jpg","datePublished":"2025-07-08T17:06:35+00:00","dateModified":"2025-09-16T21:33:46+00:00","breadcrumb":{"@id":"https:\/\/losvaguens.com\/index.php\/about\/#breadcrumb"},"inLanguage":"es","potentialAction":[{"@type":"ReadAction","target":["https:\/\/losvaguens.com\/index.php\/about\/"]}]},{"@type":"ImageObject","inLanguage":"es","@id":"https:\/\/losvaguens.com\/index.php\/about\/#primaryimage","url":"https:\/\/losvaguens.com\/wp-content\/uploads\/2025\/07\/IMG_8874-2-2-scaled.jpg","contentUrl":"https:\/\/losvaguens.com\/wp-content\/uploads\/2025\/07\/IMG_8874-2-2-scaled.jpg","width":1680,"height":2560},{"@type":"BreadcrumbList","@id":"https:\/\/losvaguens.com\/index.php\/about\/#breadcrumb","itemListElement":[{"@type":"ListItem","position":1,"name":"Inicio","item":"https:\/\/losvaguens.com\/"},{"@type":"ListItem","position":2,"name":"Biograf\u00eda"}]},{"@type":"WebSite","@id":"https:\/\/losvaguens.com\/#website","url":"https:\/\/losvaguens.com\/","name":"Los Vaguens","description":"Sitio Web Oficial de Los Vaguens","publisher":{"@id":"https:\/\/losvaguens.com\/#\/schema\/person\/521d37759784a37c2531573a7a5cf08d"},"potentialAction":[{"@type":"SearchAction","target":{"@type":"EntryPoint","urlTemplate":"https:\/\/losvaguens.com\/?s={search_term_string}"},"query-input":{"@type":"PropertyValueSpecification","valueRequired":true,"valueName":"search_term_string"}}],"inLanguage":"es"},{"@type":["Person","Organization"],"@id":"https:\/\/losvaguens.com\/#\/schema\/person\/521d37759784a37c2531573a7a5cf08d","name":"losvaguens@gmail.com","image":{"@type":"ImageObject","inLanguage":"es","@id":"https:\/\/losvaguens.com\/wp-content\/uploads\/2025\/07\/logofavicon.png","url":"https:\/\/losvaguens.com\/wp-content\/uploads\/2025\/07\/logofavicon.png","contentUrl":"https:\/\/losvaguens.com\/wp-content\/uploads\/2025\/07\/logofavicon.png","width":1500,"height":1500,"caption":"losvaguens@gmail.com"},"logo":{"@id":"https:\/\/losvaguens.com\/wp-content\/uploads\/2025\/07\/logofavicon.png"},"sameAs":["https:\/\/losvaguens.com"]}]}},"_links":{"self":[{"href":"https:\/\/losvaguens.com\/index.php\/wp-json\/wp\/v2\/pages\/10","targetHints":{"allow":["GET"]}}],"collection":[{"href":"https:\/\/losvaguens.com\/index.php\/wp-json\/wp\/v2\/pages"}],"about":[{"href":"https:\/\/losvaguens.com\/index.php\/wp-json\/wp\/v2\/types\/page"}],"author":[{"embeddable":true,"href":"https:\/\/losvaguens.com\/index.php\/wp-json\/wp\/v2\/users\/1"}],"replies":[{"embeddable":true,"href":"https:\/\/losvaguens.com\/index.php\/wp-json\/wp\/v2\/comments?post=10"}],"version-history":[{"count":9,"href":"https:\/\/losvaguens.com\/index.php\/wp-json\/wp\/v2\/pages\/10\/revisions"}],"predecessor-version":[{"id":152,"href":"https:\/\/losvaguens.com\/index.php\/wp-json\/wp\/v2\/pages\/10\/revisions\/152"}],"wp:attachment":[{"href":"https:\/\/losvaguens.com\/index.php\/wp-json\/wp\/v2\/media?parent=10"}],"curies":[{"name":"wp","href":"https:\/\/api.w.org\/{rel}","templated":true}]}}